{"id":3197,"date":"2025-01-15T14:13:24","date_gmt":"2025-01-15T13:13:24","guid":{"rendered":"https:\/\/arcointernational.it\/nova-pellet\/usato\/mini-22-kw-2013\/"},"modified":"2025-08-22T06:56:47","modified_gmt":"2025-08-22T04:56:47","slug":"mini-22-kw-2013","status":"publish","type":"nova_used","link":"https:\/\/arcointernational.it\/fr\/nova-pellet\/usato\/mini-22-kw-2013\/","title":{"rendered":"MINI 22 kW"},"content":{"rendered":"\n<figure class=\"wp-block-table\"><table class=\"has-fixed-layout\"><tbody><tr><td>ANN\u00c9E DE FABRICATION<\/td><td>2013<\/td><\/tr><tr><td>PUISSANCE INSTALL\u00c9E<\/td><td>22 kW<\/td><\/tr><tr><td>PRODUCTION HORAIRE<\/td><td>150-280 KG<\/td><\/tr><\/tbody><\/table><\/figure>\n\n\n\n<p>La <strong>machine \u00e0 granul\u00e9s N-MINI de Nova Pellet<\/strong> repr\u00e9sente une solution efficace et \u00e9conomique pour la production de granul\u00e9s, garantissant une \u00e9conomie significative. Gr\u00e2ce \u00e0 une conception avanc\u00e9e, la <strong>N-MINI optimise l\u2019\u00e9nergie utilis\u00e9e<\/strong>, assurant une faible consommation de kW par kilogramme de granul\u00e9s produits. Ce r\u00e9sultat est le fruit de l\u2019exp\u00e9rience de Nova Pellet dans la cr\u00e9ation de machines de nouvelle g\u00e9n\u00e9ration, con\u00e7ues pour surpasser les technologies traditionnelles du secteur de l\u2019alimentation animale.<\/p>\n\n\n\n<p>La <strong>N-MINI<\/strong> offre ainsi aux clients des <strong>avantages \u00e9conomiques concrets<\/strong>, avec une <strong>\u00e9conomie d\u2019\u00e9nergie<\/strong>, des co\u00fbts de maintenance r\u00e9duits et la production de granul\u00e9s de haute qualit\u00e9, adapt\u00e9s tant au march\u00e9 domestique qu\u2019industriel, sans utilisation d\u2019additifs ni de liants de quelque nature que ce soit.<\/p>\n\n\n\n<h2 class=\"wp-block-heading\">Caract\u00e9ristiques des mat\u00e9riaux d\u2019entr\u00e9e<\/h2>\n\n\n\n<ul class=\"wp-block-list\">\n<li><strong>Morphologie<\/strong> : Sciure ou mat\u00e9riaux avec une granulom\u00e9trie comprise entre 0,5 mm et 3 mm.<\/li>\n\n\n\n<li><strong>Taux d\u2019humidit\u00e9<\/strong> : Entre 8 % et 14 % maximum.<\/li>\n\n\n\n<li><strong>Caract\u00e9ristiques<\/strong> : Adapt\u00e9 \u00e0 tous types de bois ou autres mat\u00e9riaux exempts de m\u00e9taux ferreux.<\/li>\n<\/ul>\n\n\n\n<h2 class=\"wp-block-heading\">Innovations technologiques<\/h2>\n\n\n\n<ul class=\"wp-block-list\">\n<li><strong>R\u00e9glage externe des rouleaux presseurs<\/strong> : permet de modifier leur positionnement pendant le fonctionnement sans interrompre la production.<\/li>\n\n\n\n<li><strong>Production sans additifs<\/strong> : aucun usage de liants, m\u00eame d\u2019origine naturelle, pour un granul\u00e9 enti\u00e8rement naturel.<\/li>\n\n\n\n<li><strong>Moteurs \u00e0 haute efficacit\u00e9 \u00e9nerg\u00e9tique<\/strong> : ils contribuent \u00e0 r\u00e9duire la consommation d\u2019\u00e9nergie, diminuant ainsi les co\u00fbts op\u00e9rationnels.<\/li>\n\n\n\n<li><strong>Syst\u00e8me d\u2019alimentation avanc\u00e9<\/strong> : la sciure est charg\u00e9e dans la fili\u00e8re de compression par une double vis de chargement, assurant un flux continu et r\u00e9gulier.<\/li>\n\n\n\n<li><strong>Rouleaux presseurs robustes<\/strong> : solidement fix\u00e9s \u00e0 la structure de la machine \u00e0 granul\u00e9s, ils garantissent stabilit\u00e9 et durabilit\u00e9 dans le temps.<\/li>\n\n\n\n<li><strong>Additivation \u00e0 l\u2019huile v\u00e9g\u00e9tale<\/strong> : utilis\u00e9e au d\u00e9but et \u00e0 la fin du cycle de production pour pr\u00e9venir le durcissement des r\u00e9sidus de mat\u00e9riau dans le circuit de compression.<\/li>\n\n\n\n<li><strong>M\u00e9langeur eau et air<\/strong> : pour l\u2019humidification de la mati\u00e8re premi\u00e8re avec de l\u2019eau vaporis\u00e9e, optimisant la qualit\u00e9 du granul\u00e9.<\/li>\n\n\n\n<li><strong>Design compact<\/strong> : encombrement r\u00e9duit facilitant l\u2019installation et l\u2019utilisation dans des espaces restreints.<\/li>\n\n\n\n<li><strong>Maintenance simplifi\u00e9e<\/strong> : temps de nettoyage et d\u2019entretien r\u00e9duits gr\u00e2ce \u00e0 l\u2019acc\u00e8s direct \u00e0 la zone de granulation et au remplacement rapide des outils.<\/li>\n\n\n\n<li><strong>Transmission par courroie haute r\u00e9sistance<\/strong> : \u00e9quip\u00e9e de courroies dent\u00e9es garantissant durabilit\u00e9 et fiabilit\u00e9 dans le temps, ainsi qu\u2019une efficacit\u00e9 maximale dans la transmission de la puissance moteur.<\/li>\n\n\n\n<li><strong>Lubrification automatique<\/strong> : Syst\u00e8me automatique pour la lubrification des rouleaux presseurs et du mandrin, augmentant l\u2019efficacit\u00e9 op\u00e9rationnelle et r\u00e9duisant la n\u00e9cessit\u00e9 d\u2019interventions manuelles.<\/li>\n<\/ul>\n\n\n\n<h2 class=\"wp-block-heading\">Caract\u00e9ristiques g\u00e9n\u00e9rales<\/h2>\n\n\n\n<ul class=\"wp-block-list\">\n<li><strong>Syst\u00e8me de contr\u00f4le avanc\u00e9<\/strong> : la N-MINI est \u00e9quip\u00e9e d\u2019un syst\u00e8me de fonctionnement m\u00e9canique et \u00e9lectrique, avec gestion par PLC et tableau \u00e9lectrique dot\u00e9 d\u2019un modem optionnel pour le contr\u00f4le \u00e0 distance.<\/li>\n\n\n\n<li><strong>R\u00e9glage manuel des rouleaux presseurs<\/strong> : permet une gestion pr\u00e9cise du proc\u00e9d\u00e9 de compression du granul\u00e9.<\/li>\n\n\n\n<li><strong>Syst\u00e8me d\u2019alimentation<\/strong> : le mat\u00e9riau est charg\u00e9 par un r\u00e9servoir et une vis de chargement doseuse r\u00e9gl\u00e9e par inverter, proportionnellement au couple exerc\u00e9 par la fili\u00e8re de compression.<\/li>\n\n\n\n<li><strong>Fili\u00e8re personnalisable<\/strong> : longueur des trous de compression variable de 14 \u00e0 50 mm, adaptable au type de mat\u00e9riau \u00e0 granuler.<\/li>\n\n\n\n<li><strong>\u00c9vacuation frontale des granul\u00e9s<\/strong> : con\u00e7ue pour faciliter la r\u00e9cup\u00e9ration et la gestion des granul\u00e9s produits.<\/li>\n\n\n\n<li><strong>S\u00e9curit\u00e9 avanc\u00e9e<\/strong> : \u00e9quip\u00e9e de serrures de s\u00e9curit\u00e9 \u00e9lectromagn\u00e9tiques sur la porte d&rsquo;acc\u00e8s \u00e0 la zone de la fili\u00e8re et aux rouleaux de pression, ainsi que de carters de protection des courroies du moteur.<\/li>\n\n\n\n<li><strong>Facilit\u00e9 de d\u00e9placement<\/strong> : prises de levage int\u00e9gr\u00e9es pour chariot \u00e9l\u00e9vateur, facilitant le d\u00e9placement et l&rsquo;installation.<\/li>\n\n\n\n<li><strong>Pr\u00e9disposition pour aspiration des poussi\u00e8res<\/strong> : facilite le raccordement des prises pour l\u2019aspiration des poussi\u00e8res et de la vapeur d\u2019eau, garantissant un environnement de travail propre et s\u00fbr.<\/li>\n\n\n\n<li><strong>Certifications<\/strong> : enti\u00e8rement conforme aux directives europ\u00e9ennes, avec manuel d\u2019utilisation et de maintenance, ainsi que marquage CE.<\/li>\n<\/ul>\n\n\n\n<div style=\"height:20px\" aria-hidden=\"true\" class=\"wp-block-spacer\"><\/div>\n\n\n\n<h3 class=\"wp-block-heading\">FABRIQU\u00c9 EN Italie<\/h3>\n\n\n\n<p>La N-MINI est enti\u00e8rement con\u00e7ue et fabriqu\u00e9e en Italie, synonyme de qualit\u00e9 et de fiabilit\u00e9. Ce mod\u00e8le compact offre une solution pratique et \u00e9conomique pour la production de granul\u00e9s, alliant efficacit\u00e9 \u00e9nerg\u00e9tique, co\u00fbts d\u2019exploitation r\u00e9duits et garantie d\u2019un produit final de haute qualit\u00e9.<\/p>\n","protected":false},"featured_media":3003,"template":"","meta":{"_acf_changed":false,"footnotes":""},"class_list":["post-3197","nova_used","type-nova_used","status-publish","has-post-thumbnail","hentry"],"acf":[],"yoast_head":"<!-- This site is optimized with the Yoast SEO plugin v26.7 - https:\/\/yoast.com\/wordpress\/plugins\/seo\/ -->\n<title>MINI 22 kW - Arco international<\/title>\n<meta name=\"robots\" content=\"index, follow, max-snippet:-1, max-image-preview:large, max-video-preview:-1\" \/>\n<link rel=\"canonical\" href=\"https:\/\/arcointernational.it\/fr\/nova-pellet\/usato\/mini-22-kw-2013\/\" \/>\n<meta property=\"og:locale\" content=\"fr_FR\" \/>\n<meta property=\"og:type\" content=\"article\" \/>\n<meta property=\"og:title\" content=\"MINI 22 kW - Arco international\" \/>\n<meta property=\"og:description\" content=\"ANN\u00c9E DE FABRICATION 2013 PUISSANCE INSTALL\u00c9E 22 kW PRODUCTION HORAIRE 150-280 KG La machine \u00e0 granul\u00e9s N-MINI de...\" \/>\n<meta property=\"og:url\" content=\"https:\/\/arcointernational.it\/fr\/nova-pellet\/usato\/mini-22-kw-2013\/\" \/>\n<meta property=\"og:site_name\" content=\"Arco international\" \/>\n<meta property=\"article:modified_time\" content=\"2025-08-22T04:56:47+00:00\" \/>\n<meta property=\"og:image\" content=\"https:\/\/arcointernational.it\/wp-content\/uploads\/2024\/05\/nova-pellet-n-mini.jpg\" \/>\n\t<meta property=\"og:image:width\" content=\"948\" \/>\n\t<meta property=\"og:image:height\" content=\"1782\" \/>\n\t<meta property=\"og:image:type\" content=\"image\/jpeg\" \/>\n<script type=\"application\/ld+json\" class=\"yoast-schema-graph\">{\"@context\":\"https:\/\/schema.org\",\"@graph\":[{\"@type\":\"WebPage\",\"@id\":\"https:\/\/arcointernational.it\/fr\/nova-pellet\/usato\/mini-22-kw-2013\/\",\"url\":\"https:\/\/arcointernational.it\/fr\/nova-pellet\/usato\/mini-22-kw-2013\/\",\"name\":\"MINI 22 kW - Arco international\",\"isPartOf\":{\"@id\":\"https:\/\/arcointernational.it\/fr\/#website\"},\"primaryImageOfPage\":{\"@id\":\"https:\/\/arcointernational.it\/fr\/nova-pellet\/usato\/mini-22-kw-2013\/#primaryimage\"},\"image\":{\"@id\":\"https:\/\/arcointernational.it\/fr\/nova-pellet\/usato\/mini-22-kw-2013\/#primaryimage\"},\"thumbnailUrl\":\"https:\/\/arcointernational.it\/wp-content\/uploads\/2024\/05\/nova-pellet-n-mini.jpg\",\"datePublished\":\"2025-01-15T13:13:24+00:00\",\"dateModified\":\"2025-08-22T04:56:47+00:00\",\"breadcrumb\":{\"@id\":\"https:\/\/arcointernational.it\/fr\/nova-pellet\/usato\/mini-22-kw-2013\/#breadcrumb\"},\"inLanguage\":\"fr-FR\",\"potentialAction\":[{\"@type\":\"ReadAction\",\"target\":[\"https:\/\/arcointernational.it\/fr\/nova-pellet\/usato\/mini-22-kw-2013\/\"]}]},{\"@type\":\"ImageObject\",\"inLanguage\":\"fr-FR\",\"@id\":\"https:\/\/arcointernational.it\/fr\/nova-pellet\/usato\/mini-22-kw-2013\/#primaryimage\",\"url\":\"https:\/\/arcointernational.it\/wp-content\/uploads\/2024\/05\/nova-pellet-n-mini.jpg\",\"contentUrl\":\"https:\/\/arcointernational.it\/wp-content\/uploads\/2024\/05\/nova-pellet-n-mini.jpg\",\"width\":948,\"height\":1782},{\"@type\":\"BreadcrumbList\",\"@id\":\"https:\/\/arcointernational.it\/fr\/nova-pellet\/usato\/mini-22-kw-2013\/#breadcrumb\",\"itemListElement\":[{\"@type\":\"ListItem\",\"position\":1,\"name\":\"Home\",\"item\":\"https:\/\/arcointernational.it\/fr\/\"},{\"@type\":\"ListItem\",\"position\":2,\"name\":\"Occasion\",\"item\":\"https:\/\/arcointernational.it\/fr\/nova-pellet\/usato\/\"},{\"@type\":\"ListItem\",\"position\":3,\"name\":\"MINI 22 kW\"}]},{\"@type\":\"WebSite\",\"@id\":\"https:\/\/arcointernational.it\/fr\/#website\",\"url\":\"https:\/\/arcointernational.it\/fr\/\",\"name\":\"Arco international\",\"description\":\"Installations de d\u00e9coupe et de granulation\",\"potentialAction\":[{\"@type\":\"SearchAction\",\"target\":{\"@type\":\"EntryPoint\",\"urlTemplate\":\"https:\/\/arcointernational.it\/fr\/?s={search_term_string}\"},\"query-input\":{\"@type\":\"PropertyValueSpecification\",\"valueRequired\":true,\"valueName\":\"search_term_string\"}}],\"inLanguage\":\"fr-FR\"}]}<\/script>\n<!-- \/ Yoast SEO plugin. -->","yoast_head_json":{"title":"MINI 22 kW - Arco international","robots":{"index":"index","follow":"follow","max-snippet":"max-snippet:-1","max-image-preview":"max-image-preview:large","max-video-preview":"max-video-preview:-1"},"canonical":"https:\/\/arcointernational.it\/fr\/nova-pellet\/usato\/mini-22-kw-2013\/","og_locale":"fr_FR","og_type":"article","og_title":"MINI 22 kW - Arco international","og_description":"ANN\u00c9E DE FABRICATION 2013 PUISSANCE INSTALL\u00c9E 22 kW PRODUCTION HORAIRE 150-280 KG La machine \u00e0 granul\u00e9s N-MINI de...","og_url":"https:\/\/arcointernational.it\/fr\/nova-pellet\/usato\/mini-22-kw-2013\/","og_site_name":"Arco international","article_modified_time":"2025-08-22T04:56:47+00:00","og_image":[{"width":948,"height":1782,"url":"https:\/\/arcointernational.it\/wp-content\/uploads\/2024\/05\/nova-pellet-n-mini.jpg","type":"image\/jpeg"}],"schema":{"@context":"https:\/\/schema.org","@graph":[{"@type":"WebPage","@id":"https:\/\/arcointernational.it\/fr\/nova-pellet\/usato\/mini-22-kw-2013\/","url":"https:\/\/arcointernational.it\/fr\/nova-pellet\/usato\/mini-22-kw-2013\/","name":"MINI 22 kW - Arco international","isPartOf":{"@id":"https:\/\/arcointernational.it\/fr\/#website"},"primaryImageOfPage":{"@id":"https:\/\/arcointernational.it\/fr\/nova-pellet\/usato\/mini-22-kw-2013\/#primaryimage"},"image":{"@id":"https:\/\/arcointernational.it\/fr\/nova-pellet\/usato\/mini-22-kw-2013\/#primaryimage"},"thumbnailUrl":"https:\/\/arcointernational.it\/wp-content\/uploads\/2024\/05\/nova-pellet-n-mini.jpg","datePublished":"2025-01-15T13:13:24+00:00","dateModified":"2025-08-22T04:56:47+00:00","breadcrumb":{"@id":"https:\/\/arcointernational.it\/fr\/nova-pellet\/usato\/mini-22-kw-2013\/#breadcrumb"},"inLanguage":"fr-FR","potentialAction":[{"@type":"ReadAction","target":["https:\/\/arcointernational.it\/fr\/nova-pellet\/usato\/mini-22-kw-2013\/"]}]},{"@type":"ImageObject","inLanguage":"fr-FR","@id":"https:\/\/arcointernational.it\/fr\/nova-pellet\/usato\/mini-22-kw-2013\/#primaryimage","url":"https:\/\/arcointernational.it\/wp-content\/uploads\/2024\/05\/nova-pellet-n-mini.jpg","contentUrl":"https:\/\/arcointernational.it\/wp-content\/uploads\/2024\/05\/nova-pellet-n-mini.jpg","width":948,"height":1782},{"@type":"BreadcrumbList","@id":"https:\/\/arcointernational.it\/fr\/nova-pellet\/usato\/mini-22-kw-2013\/#breadcrumb","itemListElement":[{"@type":"ListItem","position":1,"name":"Home","item":"https:\/\/arcointernational.it\/fr\/"},{"@type":"ListItem","position":2,"name":"Occasion","item":"https:\/\/arcointernational.it\/fr\/nova-pellet\/usato\/"},{"@type":"ListItem","position":3,"name":"MINI 22 kW"}]},{"@type":"WebSite","@id":"https:\/\/arcointernational.it\/fr\/#website","url":"https:\/\/arcointernational.it\/fr\/","name":"Arco international","description":"Installations de d\u00e9coupe et de granulation","potentialAction":[{"@type":"SearchAction","target":{"@type":"EntryPoint","urlTemplate":"https:\/\/arcointernational.it\/fr\/?s={search_term_string}"},"query-input":{"@type":"PropertyValueSpecification","valueRequired":true,"valueName":"search_term_string"}}],"inLanguage":"fr-FR"}]}},"_links":{"self":[{"href":"https:\/\/arcointernational.it\/fr\/wp-json\/wp\/v2\/nova_used\/3197","targetHints":{"allow":["GET"]}}],"collection":[{"href":"https:\/\/arcointernational.it\/fr\/wp-json\/wp\/v2\/nova_used"}],"about":[{"href":"https:\/\/arcointernational.it\/fr\/wp-json\/wp\/v2\/types\/nova_used"}],"version-history":[{"count":1,"href":"https:\/\/arcointernational.it\/fr\/wp-json\/wp\/v2\/nova_used\/3197\/revisions"}],"predecessor-version":[{"id":3200,"href":"https:\/\/arcointernational.it\/fr\/wp-json\/wp\/v2\/nova_used\/3197\/revisions\/3200"}],"wp:featuredmedia":[{"embeddable":true,"href":"https:\/\/arcointernational.it\/fr\/wp-json\/wp\/v2\/media\/3003"}],"wp:attachment":[{"href":"https:\/\/arcointernational.it\/fr\/wp-json\/wp\/v2\/media?parent=3197"}],"curies":[{"name":"wp","href":"https:\/\/api.w.org\/{rel}","templated":true}]}}